{"id":18,"date":"2021-11-15T15:36:52","date_gmt":"2021-11-15T20:36:52","guid":{"rendered":"http:\/\/www.gmfdupetitbois.ca\/wp\/?page_id=18"},"modified":"2026-04-28T16:14:12","modified_gmt":"2026-04-28T20:14:12","slug":"accueil","status":"publish","type":"page","link":"http:\/\/www.gmfdupetitbois.ca\/wp\/","title":{"rendered":""},"content":{"rendered":"<div style=\"text-align: center;\" data-offset-key=\"6ocg4-0-0\"><\/div>\n<p style=\"text-align: center;\"><span style=\"color: #ff0000;\"><strong>Avis important &#8211; <span style=\"caret-color: #ff0000;\">R\u00e9organisation<\/span> des services cliniques<\/strong><\/span><\/p>\n<p class=\"isSelectedEnd\" style=\"text-align: center;\"><span style=\"color: #ff0000;\">Depuis la mi-mars, nous travaillons avec des effectifs m\u00e9dicaux r\u00e9duits, ce qui <strong>limite temporairement le nombre de rendez-vous m\u00e9dicaux offerts<\/strong>. <\/span><span style=\"color: #ff0000;\">Une am\u00e9lioration graduelle est pr\u00e9vue pour le mois de septembre 2026. <\/span><\/p>\n<p class=\"isSelectedEnd\" style=\"text-align: center;\"><span style=\"color: #ff0000;\">De <strong>nombreux rendez-vous sont toutefois disponibles avec nos professionnels GMF<\/strong> (pharmaciennes, physioth\u00e9rapeute, infirmi\u00e8res cliniciennes, intervenants psychosociaux)<\/span><\/p>\n<hr \/>\n<h5><strong>Bienvenue \u00e0 la Clinique la Rel\u00e8ve,<\/strong><\/h5>\n<h5 class=\"isSelectedEnd\">Notre clinique est heureuse de vous accueillir dans un environnement moderne et collaboratif.<\/h5>\n<h5 class=\"isSelectedEnd\">Nous regroupons le <strong>GMF du Petit-Bois<\/strong> ainsi qu\u2019une offre \u00e9largie de services de sant\u00e9, r\u00e9unissant une \u00e9quipe interdisciplinaire d&rsquo;une vingtaine de professionnels, engag\u00e9e \u00e0 agir comme <strong>partenaire de votre sant\u00e9<\/strong>, \u00e0 chaque \u00e9tape de votre parcours de soins.<\/h5>\n<p>Nouvellement en activit\u00e9, la clinique est en pleine expansion ce qui permettra d&rsquo;augmenter l&rsquo;offre de services de sant\u00e9 et mieux r\u00e9pondre aux besoins de la communaut\u00e9.<\/p>\n<p>Restez \u00e0 l&rsquo;aff\u00fbt!<\/p>\n<hr \/>\n<h3 style=\"text-align: left;\"><strong>Saviez- vous que&#8230;?<\/strong><\/h3>\n<p class=\"isSelectedEnd\">Les <strong>examens m\u00e9dicaux annuels de routine ne sont plus recommand\u00e9s au Canada<\/strong>. Les demandes de rendez-vous sont maintenant \u00e9valu\u00e9es et prioris\u00e9es selon leur pertinence clinique, afin de mieux r\u00e9pondre aux besoins r\u00e9els de chaque patient.<\/p>\n<p class=\"isSelectedEnd\">En tant que patient du GMF du Petit-Bois, vous avez acc\u00e8s \u00e0 notre \u00e9quipe interdisciplinaire :<\/p>\n<ul data-spread=\"false\">\n<li><strong>Physioth\u00e9rapeute GMF<\/strong> : Douleurs musculosquelettiques (dos, cou, \u00e9paules), entorses, blessures, r\u00e9adaptation<\/li>\n<li><strong>Pharmacienne GMF<\/strong> : R\u00e9vision et represcription de m\u00e9dication, effets secondaires, ajustement de traitements, maladies chroniques, etc.<\/li>\n<li><strong>Infirmi\u00e8re clinicienne<\/strong> : Suivi de maladies chroniques, d\u00e9pistages, cytologie, ABCdaire, et autres.<\/li>\n<li><strong>Intervenants psychosociaux<\/strong> : Stress, anxi\u00e9t\u00e9, deuil, difficult\u00e9s familiales ou professionnelles<\/li>\n<\/ul>\n<p>Consulter le bon professionnel, au bon moment, permet un acc\u00e8s plus rapide et des soins adapt\u00e9s \u00e0 votre situation.<\/p>\n<hr \/>\n<div data-offset-key=\"6ocg4-0-0\">\n<h3 style=\"text-align: center;\" data-subtree=\"aimfl,mfl\" data-processed=\"true\"><strong>BABILLARD<\/strong><\/h3>\n<h4><b>Recrutement<\/b><\/h4>\n<p>Nous recherchons activement des professionnels pour les postes suivants:<\/p>\n<ul>\n<li>Adjointe administrative \/ secr\u00e9tariat m\u00e9dical<\/li>\n<li>Infirmier(\u00e8re) clinicien(ne)<\/li>\n<\/ul>\n<hr \/>\n<h3><\/h3>\n<h3><strong>Informations importantes<\/strong><\/h3>\n<p>&nbsp;<\/p>\n<p><strong>Dre Gabrielle Fortin (maternit\u00e9)<\/strong> &#8211; Retour pr\u00e9vu en septembre 2026<\/p>\n<p><strong style=\"font-family: var(--font-base, 'PT Sans', Arial, sans-serif);\">Dre Jessica Elisabeth Risch<\/strong><span style=\"font-family: var(--font-base, 'PT Sans', Arial, sans-serif);\"><strong> (maternit\u00e9)<\/strong> &#8211; Retour pr\u00e9vu en avril 2027<\/span><\/p>\n<p><strong style=\"font-family: var(--font-base, 'PT Sans', Arial, sans-serif);\">Dre Isabelle Bousquet-Racine<\/strong><span style=\"font-family: var(--font-base, 'PT Sans', Arial, sans-serif);\"> &#8211; Absence dur\u00e9e ind\u00e9termin\u00e9e<\/span><\/p>\n<\/div>\n<p><strong>Dre Rapha\u00eblle Dion<\/strong> a cess\u00e9 sa pratique en cabinet le 31 mars 2026, mais continuera \u00e0 suivre ses r\u00e9sultats durant 6 mois. \u00a0Les dossiers seront conserv\u00e9s au GMF. Les patients sont invit\u00e9s \u00e0 s&rsquo;inscrire sur le <strong>Guichet d&rsquo;acc\u00e8s \u00e0 un m\u00e9decin de famille<\/strong> (<a href=\"https:\/\/www.quebec.ca\/sante\/trouver-une-ressource\/guichet-acces-medecin-famille?gad_source=1&amp;gad_campaignid=21168621765&amp;gbraid=0AAAAAC3JkXFxzGji3ImWq3trpmbYzZp5N&amp;gclid=CjwKCAiAqprNBhB6EiwAMe3yhlR3lTDkWGfcW8rG5tOlPk4yTcclIxiQzVWOMsL_-OCWfBla-9rcDBoCMr8QAvD_BwE\">GAMF<\/a>).<\/p>\n<hr \/>\n<h6 style=\"text-align: center;\" data-offset-key=\"6ocg4-0-0\"><strong>Loi 25:<\/strong>Si vous avez une raison de croire qu&rsquo;un incident de confidentialit\u00e9 impliquant un renseignement personnel s&rsquo;est produit, contacter Mme Naomi Lalonde, gestionnaire de la clinique et responsable de l&rsquo;application de cette loi.<\/h6>\n","protected":false},"excerpt":{"rendered":"<p>Avis important &#8211; R\u00e9organisation des services cliniques Depuis la mi-mars, nous travaillons avec des effectifs m\u00e9dicaux r\u00e9duits, ce qui limite temporairement le nombre de rendez-vous m\u00e9dicaux offerts. Une am\u00e9lioration graduelle est pr\u00e9vue pour le mois de septembre 2026. De nombreux rendez-vous sont toutefois disponibles avec nos professionnels GMF (pharmaciennes, physioth\u00e9rapeute, infirmi\u00e8res cliniciennes, intervenants psychosociaux) Bienvenue<a class=\"more-link\" href=\"http:\/\/www.gmfdupetitbois.ca\/wp\/\">Lire la suite <\/a><\/p>\n","protected":false},"author":1,"featured_media":550,"parent":0,"menu_order":0,"comment_status":"closed","ping_status":"closed","template":"","meta":{"footnotes":""},"class_list":["post-18","page","type-page","status-publish","has-post-thumbnail","hentry","entry"],"_links":{"self":[{"href":"http:\/\/www.gmfdupetitbois.ca\/wp\/index.php?rest_route=\/wp\/v2\/pages\/18","targetHints":{"allow":["GET"]}}],"collection":[{"href":"http:\/\/www.gmfdupetitbois.ca\/wp\/index.php?rest_route=\/wp\/v2\/pages"}],"about":[{"href":"http:\/\/www.gmfdupetitbois.ca\/wp\/index.php?rest_route=\/wp\/v2\/types\/page"}],"author":[{"embeddable":true,"href":"http:\/\/www.gmfdupetitbois.ca\/wp\/index.php?rest_route=\/wp\/v2\/users\/1"}],"replies":[{"embeddable":true,"href":"http:\/\/www.gmfdupetitbois.ca\/wp\/index.php?rest_route=%2Fwp%2Fv2%2Fcomments&post=18"}],"version-history":[{"count":195,"href":"http:\/\/www.gmfdupetitbois.ca\/wp\/index.php?rest_route=\/wp\/v2\/pages\/18\/revisions"}],"predecessor-version":[{"id":712,"href":"http:\/\/www.gmfdupetitbois.ca\/wp\/index.php?rest_route=\/wp\/v2\/pages\/18\/revisions\/712"}],"wp:featuredmedia":[{"embeddable":true,"href":"http:\/\/www.gmfdupetitbois.ca\/wp\/index.php?rest_route=\/wp\/v2\/media\/550"}],"wp:attachment":[{"href":"http:\/\/www.gmfdupetitbois.ca\/wp\/index.php?rest_route=%2Fwp%2Fv2%2Fmedia&parent=18"}],"curies":[{"name":"wp","href":"https:\/\/api.w.org\/{rel}","templated":true}]}}